
{"id":10709,"date":"2024-09-18T16:23:24","date_gmt":"2024-09-18T16:23:24","guid":{"rendered":"https:\/\/concoursofelegancegermany.com\/tour-of-elegance\/"},"modified":"2025-11-28T12:28:19","modified_gmt":"2025-11-28T12:28:19","slug":"tour-of-elegance","status":"publish","type":"page","link":"https:\/\/concoursofelegancegermany.com\/de\/tour-of-elegance\/","title":{"rendered":"Tour of Elegance"},"content":{"rendered":"\n<div class=\"wp-block-group alignfull banner is-layout-flow wp-container-core-group-is-layout-a70f80f3 wp-block-group-is-layout-flow\" style=\"min-height:700px;margin-top:0;margin-bottom:0;padding-top:0;padding-bottom:0\">\n<div class=\"wp-block-cover banner\" style=\"min-height:700px;aspect-ratio:unset;\"><img loading=\"lazy\" decoding=\"async\" width=\"2560\" height=\"1707\" class=\"wp-block-cover__image-background wp-image-23939 size-full\" alt=\"COEG Car Tour\" src=\"https:\/\/concoursofelegancegermany.com\/wp-content\/uploads\/COEG-Car-Tour.jpg\" style=\"object-position:50% 75%\" data-object-fit=\"cover\" data-object-position=\"50% 75%\" srcset=\"https:\/\/concoursofelegancegermany.com\/wp-content\/uploads\/COEG-Car-Tour.jpg 2560w, https:\/\/concoursofelegancegermany.com\/wp-content\/uploads\/COEG-Car-Tour-300x200.jpg 300w, https:\/\/concoursofelegancegermany.com\/wp-content\/uploads\/COEG-Car-Tour-1024x683.jpg 1024w, https:\/\/concoursofelegancegermany.com\/wp-content\/uploads\/COEG-Car-Tour-768x512.jpg 768w, https:\/\/concoursofelegancegermany.com\/wp-content\/uploads\/COEG-Car-Tour-1536x1024.jpg 1536w, https:\/\/concoursofelegancegermany.com\/wp-content\/uploads\/COEG-Car-Tour-2048x1366.jpg 2048w\" sizes=\"auto, (max-width: 2560px) 100vw, 2560px\" \/><span aria-hidden=\"true\" class=\"wp-block-cover__background has-background-dim-40 has-background-dim wp-block-cover__gradient-background has-background-gradient\" style=\"background:linear-gradient(180deg,rgb(0,0,0) 0%,rgba(155,81,224,0) 50%)\"><\/span><div class=\"wp-block-cover__inner-container is-layout-flow wp-block-cover-is-layout-flow\">\n<div style=\"height:100px\" aria-hidden=\"true\" class=\"wp-block-spacer\"><\/div>\n<\/div><\/div>\n\n\n\n<div class=\"wp-block-group is-style-zoo-page-padding has-white-background-color has-background is-layout-constrained wp-container-core-group-is-layout-5a30f31b wp-block-group-is-layout-constrained\">\n<h1 class=\"wp-block-heading has-text-align-center\" id=\"junior-concours\">Tour of Elegance<\/h1>\n\n\n\n<div class=\"wp-block-group is-layout-constrained wp-container-core-group-is-layout-c121a3eb wp-block-group-is-layout-constrained\">\n<div class=\"wp-block-group is-layout-constrained wp-container-core-group-is-layout-fc54cf0f wp-block-group-is-layout-constrained\">\n<h2 class=\"wp-block-heading has-text-align-center\" id=\"the-2024-bavarian-tour\">The 2026 Tour of Elegance<\/h2>\n\n\n\n<p class=\"has-text-align-center\"><strong><strong>June 29th \u2013 July 2nd 2026<\/strong><\/strong><\/p>\n\n\n\n<p class=\"has-text-align-center\">Buchen Sie Ihre exklusive Oldtimer-Tour: \u00d6sterreich &amp; Bayern 2026<\/p>\n<\/div>\n\n\n\n<div class=\"wp-block-group is-layout-constrained wp-container-core-group-is-layout-346627ba wp-block-group-is-layout-constrained\">\n<p class=\"has-text-align-center\">Nach der Gro\u00dfartigkeit unserer Reisen 2024 und 2025 laden wir Sie 2026 zu einer noch au\u00dfergew\u00f6hnlicheren Reise ein. Machen Sie sich bereit f\u00fcr eine unvergessliche Fahrt durch die atemberaubenden Landschaften \u00d6sterreichs und Bayerns, wo Sie m\u00e4rchenhafte Schl\u00f6sser, Gourmetrestaurants und erstklassige Fahrstrecken erwarten. <\/p>\n\n\n\n<div class=\"wp-block-group is-layout-constrained wp-container-core-group-is-layout-c19476fc wp-block-group-is-layout-constrained\">\n<p class=\"has-text-align-center\"><strong>Was Sie erwartet<\/strong><\/p>\n\n\n\n<p class=\"has-text-align-center\">Ab dem Moment Ihrer Ankunft tauchen Sie ein in eine Welt voller Eleganz und Charme. Beginnend im Herzen \u00d6sterreichs f\u00fchrt Ihre Tour Sie durch malerische Alpenp\u00e4sse, m\u00e4rchenhafte Schl\u00f6sser und D\u00f6rfer sowie entlang von Stra\u00dfen, die die Kraft und Sch\u00f6nheit Ihres Oldtimers perfekt in Szene setzen. <\/p>\n<\/div>\n\n\n\n<div class=\"wp-block-group is-layout-constrained wp-container-core-group-is-layout-c19476fc wp-block-group-is-layout-constrained\">\n<p class=\"has-text-align-center\"><strong>Unvergessliche Momente Atemberaubende Routen<\/strong><\/p>\n\n\n\n<p class=\"has-text-align-center\">Atemberaubende Routen: Fahren Sie durch gewundene Alpenstra\u00dfen, vorbei an glitzernden Seen und \u00fcber hoch aufragende Bergp\u00e4sse, wobei jede Kurve neue, atemberaubende Aussichten offenbart.<\/p>\n\n\n\n<p class=\"has-text-align-center\">Gourmet-Erlebnisse: Genie\u00dfen Sie jeden Moment mit speziell kreierten Mahlzeiten von Michelin-Sterne-K\u00f6chen, gepaart mit den besten Weinen aus lokalen Weing\u00fctern. Von Mittagessen am See bis hin zu Abendessen in Schl\u00f6ssern \u2013 jedes kulinarische Erlebnis ist ein Fest f\u00fcr die Sinne. <\/p>\n\n\n\n<p class=\"has-text-align-center\">Historische Schl\u00f6sser: Betreten Sie die Pracht der faszinierendsten Pal\u00e4ste Europas. Private F\u00fchrungen durch R\u00e4ume voller Geschichte, Kunst und k\u00f6niglicher Intrigen bieten Ihnen die Gelegenheit, die Geheimnisse von K\u00f6nigen und Kaisern zu entdecken. <\/p>\n<\/div>\n<\/div>\n\n\n\n<div class=\"wp-block-buttons ghostkit-custom-Z73WjE is-content-justification-center is-layout-flex wp-container-core-buttons-is-layout-a89b3969 wp-block-buttons-is-layout-flex\">\n<div class=\"wp-block-button is-style-fill\"><a class=\"wp-block-button__link has-background-color has-primary-background-color has-text-color has-background has-link-color has-small-font-size has-custom-font-size wp-element-button\" href=\"mailto:sascha@thoroughevents.co.uk\">IHR INTERESSE ANMELDEN 2026<\/a><\/div>\n<\/div>\n<\/div>\n\n\n\n<div class=\"ghostkit-grid ghostkit-grid-gap-sm\"><div class=\"ghostkit-grid-inner\">\n<div class=\"ghostkit-col ghostkit-col-sm-12 ghostkit-col-md-6 ghostkit-col-4\"><div class=\"ghostkit-col-content is-layout-flow wp-block-ghostkit-grid-column-is-layout-flow\">\n<figure class=\"wp-block-image size-large\"><img loading=\"lazy\" decoding=\"async\" width=\"1024\" height=\"740\" src=\"https:\/\/concoursofelegancegermany.com\/wp-content\/uploads\/2025-Tour-of-Elegance-1-1024x740.jpg\" alt=\"Die &quot;Tour of Elegance&quot; 2025\" class=\"wp-image-10655\" srcset=\"https:\/\/concoursofelegancegermany.com\/wp-content\/uploads\/2025-Tour-of-Elegance-1-1024x740.jpg 1024w, https:\/\/concoursofelegancegermany.com\/wp-content\/uploads\/2025-Tour-of-Elegance-1-300x217.jpg 300w, https:\/\/concoursofelegancegermany.com\/wp-content\/uploads\/2025-Tour-of-Elegance-1-768x555.jpg 768w, https:\/\/concoursofelegancegermany.com\/wp-content\/uploads\/2025-Tour-of-Elegance-1.jpg 1480w\" sizes=\"auto, (max-width: 1024px) 100vw, 1024px\" \/><\/figure>\n<\/div><\/div>\n\n\n\n<div class=\"ghostkit-col ghostkit-col-sm-12 ghostkit-col-md-6 ghostkit-col-lg-12 ghostkit-col-4\"><div class=\"ghostkit-col-content is-layout-flow wp-block-ghostkit-grid-column-is-layout-flow\">\n<figure class=\"wp-block-image size-large\"><img loading=\"lazy\" decoding=\"async\" width=\"1024\" height=\"740\" src=\"https:\/\/concoursofelegancegermany.com\/wp-content\/uploads\/2025-Tour-of-Elegance-2-1024x740.jpg\" alt=\"Die &quot;Tour of Elegance&quot; 2025\" class=\"wp-image-10659\" srcset=\"https:\/\/concoursofelegancegermany.com\/wp-content\/uploads\/2025-Tour-of-Elegance-2-1024x740.jpg 1024w, https:\/\/concoursofelegancegermany.com\/wp-content\/uploads\/2025-Tour-of-Elegance-2-300x217.jpg 300w, https:\/\/concoursofelegancegermany.com\/wp-content\/uploads\/2025-Tour-of-Elegance-2-768x555.jpg 768w, https:\/\/concoursofelegancegermany.com\/wp-content\/uploads\/2025-Tour-of-Elegance-2.jpg 1480w\" sizes=\"auto, (max-width: 1024px) 100vw, 1024px\" \/><\/figure>\n<\/div><\/div>\n\n\n\n<div class=\"ghostkit-col ghostkit-col-sm-12 ghostkit-col-md-12 ghostkit-col-lg-12 ghostkit-col-4\"><div class=\"ghostkit-col-content is-layout-flow wp-block-ghostkit-grid-column-is-layout-flow\">\n<figure class=\"wp-block-image size-large\"><img loading=\"lazy\" decoding=\"async\" width=\"1024\" height=\"740\" src=\"https:\/\/concoursofelegancegermany.com\/wp-content\/uploads\/2025-Tour-of-Elegance-3-1024x740.jpg\" alt=\"Die &quot;Tour of Elegance&quot; 2025\" class=\"wp-image-10663\" srcset=\"https:\/\/concoursofelegancegermany.com\/wp-content\/uploads\/2025-Tour-of-Elegance-3-1024x740.jpg 1024w, https:\/\/concoursofelegancegermany.com\/wp-content\/uploads\/2025-Tour-of-Elegance-3-300x217.jpg 300w, https:\/\/concoursofelegancegermany.com\/wp-content\/uploads\/2025-Tour-of-Elegance-3-768x555.jpg 768w, https:\/\/concoursofelegancegermany.com\/wp-content\/uploads\/2025-Tour-of-Elegance-3.jpg 1480w\" sizes=\"auto, (max-width: 1024px) 100vw, 1024px\" \/><\/figure>\n<\/div><\/div>\n<\/div><\/div>\n\n\n\n<div class=\"wp-block-group is-layout-constrained wp-container-core-group-is-layout-203d7ee6 wp-block-group-is-layout-constrained\">\n<div class=\"ghostkit-divider ghostkit-divider-type-solid ghostkit-custom-Z13a31V\"><\/div>\n<\/div>\n\n\n\n<div class=\"wp-block-group is-layout-constrained wp-container-core-group-is-layout-744f1a3d wp-block-group-is-layout-constrained\">\n<div class=\"wp-block-group is-layout-constrained wp-container-core-group-is-layout-fc54cf0f wp-block-group-is-layout-constrained\">\n<h2 class=\"wp-block-heading has-text-align-center\" id=\"the-2024-bavarian-tour\">So werden Sie 2026 Mitglied<\/h2>\n<\/div>\n\n\n\n<div class=\"wp-block-group is-layout-constrained wp-container-core-group-is-layout-346627ba wp-block-group-is-layout-constrained\">\n<div class=\"wp-block-group is-layout-constrained wp-container-core-group-is-layout-c19476fc wp-block-group-is-layout-constrained\">\n<p class=\"has-text-align-center\">Unvergleichliche Exklusivit\u00e4t: Dies ist nicht nur eine Tour, sondern ein luxuri\u00f6ses Erlebnis, das f\u00fcr anspruchsvolle Pers\u00f6nlichkeiten gestaltet wurde, die nur das Beste verlangen.<\/p>\n\n\n\n<p class=\"has-text-align-center\">Ikonische Autos, ikonische Stra\u00dfen: Fahren Sie Ihren eigenen gesch\u00e4tzten Oldtimer auf den Alpenstra\u00dfen, die Ihnen das Fahrerlebnis Ihres Lebens bieten.<\/p>\n\n\n\n<p class=\"has-text-align-center\">G\u00f6nnen Sie sich das Feinste: Von der Ankunft bis zum Abschied ist jedes Detail darauf ausgerichtet, Ihnen den ultimativen Komfort, Stil und Genuss zu bieten. Dies ist mehr als nur eine Reise &#8211; es ist ein umfassendes Lifestyle-Erlebnis. <\/p>\n<\/div>\n<\/div>\n\n\n\n<p class=\"has-text-align-center\">Die Pl\u00e4tze sind stark begrenzt, daher empfehlen wir Ihnen, Ihr Interesse so fr\u00fch wie m\u00f6glich anzumelden. Verpassen Sie nicht Ihre Chance, an unserer exklusiven Ausgabe 2026 teilzunehmen &#8211; eine Reise, die den Nervenkitzel klassischer Autos mit dem Luxus von Gourmetrestaurants und der Majest\u00e4t von Schl\u00f6ssern verbindet. F\u00fcr dieses einmalige Abenteuer sind nur begrenzte Pl\u00e4tze verf\u00fcgbar.  <\/p>\n\n\n\n<div class=\"ghostkit-divider ghostkit-divider-type-solid ghostkit-custom-Z2lXjc3\"><\/div>\n<\/div>\n\n\n\n<div class=\"wp-block-group is-layout-constrained wp-container-core-group-is-layout-744f1a3d wp-block-group-is-layout-constrained\">\n<div class=\"wp-block-group is-layout-flow wp-block-group-is-layout-flow\">\n<h2 class=\"wp-block-heading has-text-align-center\" id=\"the-2024-bavarian-tour\">Buchungsanfrage<\/h2>\n\n\n\n<p class=\"has-text-align-center\"><strong>29. Juni &#8211; 2. Juli 2026<\/strong><\/p>\n\n\n\n<p class=\"has-text-align-center\">Start Location Route: \u00d6sterreich Bayern, einschlie\u00dflich der sch\u00f6nsten Routen durch die Alpen. <br\/>Detaillierte Route folgt in K\u00fcrze.<\/p>\n<\/div>\n\n\n\n<div class=\"wp-block-buttons ghostkit-custom-Xyc4S is-content-justification-center is-layout-flex wp-container-core-buttons-is-layout-a89b3969 wp-block-buttons-is-layout-flex\">\n<div class=\"wp-block-button is-style-fill\"><a class=\"wp-block-button__link has-background-color has-primary-background-color has-text-color has-background has-link-color has-small-font-size has-custom-font-size wp-element-button\" href=\"mailto:sascha@thoroughevents.co.uk\">IHR INTERESSE ANMELDEN 2026<\/a><\/div>\n<\/div>\n<\/div>\n\n\n\n<div class=\"ghostkit-grid ghostkit-grid-gap-sm\"><div class=\"ghostkit-grid-inner\">\n<div class=\"ghostkit-col ghostkit-col-sm-12 ghostkit-col-md-6 ghostkit-col-4\"><div class=\"ghostkit-col-content is-layout-flow wp-block-ghostkit-grid-column-is-layout-flow\">\n<figure class=\"wp-block-image size-large\"><img loading=\"lazy\" decoding=\"async\" width=\"1024\" height=\"740\" src=\"https:\/\/concoursofelegancegermany.com\/wp-content\/uploads\/Register-Your-Interest-1-1024x740.jpg\" alt=\"Registrieren sie ihr interesse\" class=\"wp-image-10667\" srcset=\"https:\/\/concoursofelegancegermany.com\/wp-content\/uploads\/Register-Your-Interest-1-1024x740.jpg 1024w, https:\/\/concoursofelegancegermany.com\/wp-content\/uploads\/Register-Your-Interest-1-300x217.jpg 300w, https:\/\/concoursofelegancegermany.com\/wp-content\/uploads\/Register-Your-Interest-1-768x555.jpg 768w, https:\/\/concoursofelegancegermany.com\/wp-content\/uploads\/Register-Your-Interest-1.jpg 1480w\" sizes=\"auto, (max-width: 1024px) 100vw, 1024px\" \/><\/figure>\n<\/div><\/div>\n\n\n\n<div class=\"ghostkit-col ghostkit-col-sm-12 ghostkit-col-md-12 ghostkit-col-lg-12 ghostkit-col-4\"><div class=\"ghostkit-col-content is-layout-flow wp-block-ghostkit-grid-column-is-layout-flow\">\n<figure class=\"wp-block-image size-large\"><img loading=\"lazy\" decoding=\"async\" width=\"1024\" height=\"740\" src=\"https:\/\/concoursofelegancegermany.com\/wp-content\/uploads\/Register-Your-Interest-3-1024x740.jpg\" alt=\"Registrieren sie ihr interesse\" class=\"wp-image-10671\" srcset=\"https:\/\/concoursofelegancegermany.com\/wp-content\/uploads\/Register-Your-Interest-3-1024x740.jpg 1024w, https:\/\/concoursofelegancegermany.com\/wp-content\/uploads\/Register-Your-Interest-3-300x217.jpg 300w, https:\/\/concoursofelegancegermany.com\/wp-content\/uploads\/Register-Your-Interest-3-768x555.jpg 768w, https:\/\/concoursofelegancegermany.com\/wp-content\/uploads\/Register-Your-Interest-3.jpg 1480w\" sizes=\"auto, (max-width: 1024px) 100vw, 1024px\" \/><\/figure>\n<\/div><\/div>\n\n\n\n<div class=\"ghostkit-col ghostkit-col-sm-12 ghostkit-col-md-6 ghostkit-col-lg-12 ghostkit-col-4\"><div class=\"ghostkit-col-content is-layout-flow wp-block-ghostkit-grid-column-is-layout-flow\">\n<figure class=\"wp-block-image size-large\"><img loading=\"lazy\" decoding=\"async\" width=\"1024\" height=\"740\" src=\"https:\/\/concoursofelegancegermany.com\/wp-content\/uploads\/Register-Your-Interest-2-1024x740.jpg\" alt=\"Registrieren sie ihr interesse\" class=\"wp-image-10675\" srcset=\"https:\/\/concoursofelegancegermany.com\/wp-content\/uploads\/Register-Your-Interest-2-1024x740.jpg 1024w, https:\/\/concoursofelegancegermany.com\/wp-content\/uploads\/Register-Your-Interest-2-300x217.jpg 300w, https:\/\/concoursofelegancegermany.com\/wp-content\/uploads\/Register-Your-Interest-2-768x555.jpg 768w, https:\/\/concoursofelegancegermany.com\/wp-content\/uploads\/Register-Your-Interest-2.jpg 1480w\" sizes=\"auto, (max-width: 1024px) 100vw, 1024px\" \/><\/figure>\n<\/div><\/div>\n<\/div><\/div>\n\n\n\n<div class=\"ghostkit-divider ghostkit-divider-type-solid ghostkit-custom-mK5pM\"><\/div>\n\n\n\n<div class=\"wp-block-group is-layout-constrained wp-container-core-group-is-layout-c121a3eb wp-block-group-is-layout-constrained\">\n<div class=\"wp-block-group is-layout-constrained wp-container-core-group-is-layout-d3543a3b wp-block-group-is-layout-constrained\">\n<div class=\"wp-block-group is-layout-constrained wp-block-group-is-layout-constrained\">\n<h2 class=\"wp-block-heading has-text-align-center\" id=\"the-2024-bavarian-tour\">Die Bayerische Tour 2024<\/h2>\n\n\n\n<p class=\"has-text-align-center\"><strong>22. \u2013 25. Juli 2024<\/strong><\/p>\n\n\n\n<p class=\"has-text-align-center\">Eine wunderbare Gruppe passionierter internationaler Fahrzeugsammler brach diesen Sommer zu einer traumhaften Reise auf, bei der die Sch\u00f6nheit der Natur und die Pracht der Geschichte aufeinandertrafen. Sie fuhren durch alpine Passstra\u00dfen vorbei an glitzernden Seeufern mitten in das Herz der Bayerischen Alpen, einen Ort, an dem die Zeit langsamer zu vergehen scheint und jede Kurve der Stra\u00dfe ein neues Wunder enth\u00fcllt.<\/p>\n<\/div>\n<\/div>\n<\/div>\n\n\n\n<div class=\"ghostkit-grid ghostkit-grid-gap-sm\"><div class=\"ghostkit-grid-inner\">\n<div class=\"ghostkit-col ghostkit-col-sm-12 ghostkit-col-md-6 ghostkit-col-4\"><div class=\"ghostkit-col-content is-layout-flow wp-block-ghostkit-grid-column-is-layout-flow\">\n<figure class=\"wp-block-image size-large\"><img loading=\"lazy\" decoding=\"async\" width=\"1024\" height=\"740\" src=\"https:\/\/concoursofelegancegermany.com\/wp-content\/uploads\/2024-Bavarian-Tour-1-1024x740.jpg\" alt=\"Die Bayerische Tour 2024\" class=\"wp-image-10639\" srcset=\"https:\/\/concoursofelegancegermany.com\/wp-content\/uploads\/2024-Bavarian-Tour-1-1024x740.jpg 1024w, https:\/\/concoursofelegancegermany.com\/wp-content\/uploads\/2024-Bavarian-Tour-1-300x217.jpg 300w, https:\/\/concoursofelegancegermany.com\/wp-content\/uploads\/2024-Bavarian-Tour-1-768x555.jpg 768w, https:\/\/concoursofelegancegermany.com\/wp-content\/uploads\/2024-Bavarian-Tour-1.jpg 1480w\" sizes=\"auto, (max-width: 1024px) 100vw, 1024px\" \/><\/figure>\n<\/div><\/div>\n\n\n\n<div class=\"ghostkit-col ghostkit-col-sm-12 ghostkit-col-md-6 ghostkit-col-lg-12 ghostkit-col-4\"><div class=\"ghostkit-col-content is-layout-flow wp-block-ghostkit-grid-column-is-layout-flow\">\n<figure class=\"wp-block-image size-large\"><img loading=\"lazy\" decoding=\"async\" width=\"1024\" height=\"740\" src=\"https:\/\/concoursofelegancegermany.com\/wp-content\/uploads\/2024-Bavarian-Tour-2-1024x740.jpg\" alt=\"Die Bayerische Tour 2024\" class=\"wp-image-10643\" srcset=\"https:\/\/concoursofelegancegermany.com\/wp-content\/uploads\/2024-Bavarian-Tour-2-1024x740.jpg 1024w, https:\/\/concoursofelegancegermany.com\/wp-content\/uploads\/2024-Bavarian-Tour-2-300x217.jpg 300w, https:\/\/concoursofelegancegermany.com\/wp-content\/uploads\/2024-Bavarian-Tour-2-768x555.jpg 768w, https:\/\/concoursofelegancegermany.com\/wp-content\/uploads\/2024-Bavarian-Tour-2.jpg 1480w\" sizes=\"auto, (max-width: 1024px) 100vw, 1024px\" \/><\/figure>\n<\/div><\/div>\n\n\n\n<div class=\"ghostkit-col ghostkit-col-sm-12 ghostkit-col-md-12 ghostkit-col-lg-12 ghostkit-col-4\"><div class=\"ghostkit-col-content is-layout-flow wp-block-ghostkit-grid-column-is-layout-flow\">\n<figure class=\"wp-block-image size-large\"><img loading=\"lazy\" decoding=\"async\" width=\"1024\" height=\"740\" src=\"https:\/\/concoursofelegancegermany.com\/wp-content\/uploads\/2024-Bavarian-Tour-3-1024x740.jpg\" alt=\"Die Bayerische Tour 2024\" class=\"wp-image-10647\" srcset=\"https:\/\/concoursofelegancegermany.com\/wp-content\/uploads\/2024-Bavarian-Tour-3-1024x740.jpg 1024w, https:\/\/concoursofelegancegermany.com\/wp-content\/uploads\/2024-Bavarian-Tour-3-300x217.jpg 300w, https:\/\/concoursofelegancegermany.com\/wp-content\/uploads\/2024-Bavarian-Tour-3-768x555.jpg 768w, https:\/\/concoursofelegancegermany.com\/wp-content\/uploads\/2024-Bavarian-Tour-3.jpg 1480w\" sizes=\"auto, (max-width: 1024px) 100vw, 1024px\" \/><\/figure>\n<\/div><\/div>\n<\/div><\/div>\n\n\n\n<div class=\"wp-block-group is-layout-constrained wp-container-core-group-is-layout-c9c39cb5 wp-block-group-is-layout-constrained\">\n<h2 class=\"wp-block-heading has-text-align-center\" id=\"the-2024-bavarian-tour\">Die route highlights der Bayerischen tour 2024<\/h2>\n\n\n\n<div class=\"wp-block-group is-layout-constrained wp-container-core-group-is-layout-e0082cf6 wp-block-group-is-layout-constrained\">\n<p class=\"has-text-align-center\">Stellen Sie sich vor, Sie beginnen Ihre Reise an den kristallklaren Ufern des Tegernsees, umgeben von saftig gr\u00fcnen T\u00e4lern und hoch aufragenden Alpen. Hier genie\u00dfen Sie die frische Bergluft und den Charme der bayerischen Kultur, bevor Sie sich auf eine Route begeben, die f\u00fcr Menschen entworfen wurde, die das Sch\u00f6ne im Leben zu sch\u00e4tzen wissen. <\/p>\n\n\n\n<p class=\"has-text-align-center\">W\u00e4hrend das die Oldtimer \u00fcber malerische Bergstra\u00dfen glitt, passierten sie idyllische D\u00f6rfer, in denen uralte Traditionen mit atemberaubenden Landschaften verschmelzen. Auf ihrem Weg durch das majest\u00e4tische Karwendelgebirge erhoben sich die Alpen um sie herum, und die Ausblicke waren so atemberaubend, dass sie fast gemalt wirkten. Unterwegs erwartete sie eine sorgf\u00e4ltig zusammengestellte Auswahl an Gourmetrestaurants, mit Mahlzeiten, die von lokalen K\u00f6chen zubereitet und die die besten Aromen der Region zur Geltung brachten.  <\/p>\n\n\n\n<p class=\"has-text-align-center\">Ihre Reise gipfelte in der m\u00e4rchenhaften Umgebung von Schloss Linderhof, dem versteckten Juwel von K\u00f6nig Ludwig II. Eingebettet in ein abgelegenes Tal ist dieses prunkvolle Schloss von perfekt angelegten G\u00e4rten, Brunnen und Skulpturen umgeben. Beim Betreten des Schlosses wird man in eine andere \u00c4ra versetzt, in der Geschichte, Kunst und Luxus nahtlos miteinander verschmelzen.  <\/p>\n<\/div>\n<\/div>\n<\/div>\n<\/div>\n","protected":false},"excerpt":{"rendered":"<p>Tour of Elegance The 2026 Tour of Elegance June 29th \u2013 July 2nd 2026 Buchen Sie Ihre exklusive Oldtimer-Tour: \u00d6sterreich &amp; Bayern 2026 Nach der Gro\u00dfartigkeit unserer Reisen 2024 und 2025 laden wir Sie 2026 zu einer noch au\u00dfergew\u00f6hnlicheren Reise ein. Machen Sie sich bereit f\u00fcr eine unvergessliche Fahrt durch die atemberaubenden Landschaften \u00d6sterreichs und [&hellip;]<\/p>\n","protected":false},"author":3,"featured_media":0,"parent":0,"menu_order":0,"comment_status":"closed","ping_status":"closed","template":"","meta":{"ghostkit_customizer_options":"","ghostkit_custom_css":"","ghostkit_custom_js_head":"","ghostkit_custom_js_foot":"","ghostkit_typography":"","footnotes":""},"class_list":["post-10709","page","type-page","status-publish","hentry"],"meta_box":{"zoo_page_banner":""},"_links":{"self":[{"href":"https:\/\/concoursofelegancegermany.com\/de\/wp-json\/wp\/v2\/pages\/10709","targetHints":{"allow":["GET"]}}],"collection":[{"href":"https:\/\/concoursofelegancegermany.com\/de\/wp-json\/wp\/v2\/pages"}],"about":[{"href":"https:\/\/concoursofelegancegermany.com\/de\/wp-json\/wp\/v2\/types\/page"}],"author":[{"embeddable":true,"href":"https:\/\/concoursofelegancegermany.com\/de\/wp-json\/wp\/v2\/users\/3"}],"replies":[{"embeddable":true,"href":"https:\/\/concoursofelegancegermany.com\/de\/wp-json\/wp\/v2\/comments?post=10709"}],"version-history":[{"count":6,"href":"https:\/\/concoursofelegancegermany.com\/de\/wp-json\/wp\/v2\/pages\/10709\/revisions"}],"predecessor-version":[{"id":24063,"href":"https:\/\/concoursofelegancegermany.com\/de\/wp-json\/wp\/v2\/pages\/10709\/revisions\/24063"}],"wp:attachment":[{"href":"https:\/\/concoursofelegancegermany.com\/de\/wp-json\/wp\/v2\/media?parent=10709"}],"curies":[{"name":"wp","href":"https:\/\/api.w.org\/{rel}","templated":true}]}}